{"id":1260,"date":"2025-04-02T11:18:11","date_gmt":"2025-04-02T09:18:11","guid":{"rendered":"https:\/\/conference-eutic.org\/?page_id=1260"},"modified":"2026-04-13T18:19:38","modified_gmt":"2026-04-13T16:19:38","slug":"eutic-2025","status":"publish","type":"page","link":"http:\/\/conference-eutic.org\/en\/eutic-2025\/","title":{"rendered":"EUTIC 2025"},"content":{"rendered":"\n<p class=\"has-text-align-center\">Janvier 2026 : <a href=\"http:\/\/conference-eutic.org\/wp-content\/uploads\/2026\/01\/Libro_de_Actas_del_XIX_Congreso_Internacional_EUTIC_2024__Generaciones_Digitales__Complejidad__Controversias_y_Desafios..pdf\"><strong>Publication des Actes de la conf\u00e9rence 2024 (\u00e0 t\u00e9l\u00e9charger)<\/strong><\/a><\/p>\n\n\n\n<div class=\"wp-block-image\"><figure class=\"aligncenter size-full is-resized\"><img loading=\"lazy\" src=\"https:\/\/conference-eutic.org\/wp-content\/uploads\/2025\/04\/Logo-EUTIC-2025.png\" alt=\"\" class=\"wp-image-1263\" width=\"340\" height=\"188\" srcset=\"http:\/\/conference-eutic.org\/wp-content\/uploads\/2025\/04\/Logo-EUTIC-2025.png 704w, http:\/\/conference-eutic.org\/wp-content\/uploads\/2025\/04\/Logo-EUTIC-2025-300x166.png 300w\" sizes=\"(max-width: 340px) 100vw, 340px\" \/><\/figure><\/div>\n\n\n\n<p class=\"has-text-align-center\"><a href=\"http:\/\/conference-eutic.org\/wp-content\/uploads\/2025\/10\/Programme-colloque-MCT-EUTIC-2025-definitif_compressed.pdf\"><strong>Programme <\/strong>de la conf\u00e9rence (\u00e0 t\u00e9l\u00e9charger)<\/a><\/p>\n\n\n\n<p class=\"has-text-align-center\"><a href=\"http:\/\/conference-eutic.org\/wp-content\/uploads\/2025\/09\/INSCRIPTION-20e-Confe\u0301rence-internationale-EUTIC-.pdf\">Bulletin d&#8217;inscription (\u00e0 t\u00e9l\u00e9charger)<\/a><\/p>\n\n\n\n<h2 class=\"has-text-align-center\"><strong>20<sup>e <\/sup>CONF\u00c9RENCE INTERNATIONALE EUTIC 2025<\/strong><\/h2>\n\n\n\n<p class=\"has-text-align-center\">(R\u00e9seau de recherche international et pluridisciplinaire sur les enjeux et usages des TIC)<\/p>\n\n\n\n<h2 class=\"has-text-align-center\"><strong><em>Orchestration des intelligences et dynamiques organisationnelles<\/em><\/strong><\/h2>\n\n\n\n<p class=\"has-text-align-center\"><strong>IPSI, Universit\u00e9 de la Manouba, Tunis <\/strong><\/p>\n\n\n\n<p class=\"has-text-align-center\"><strong>22-24 octobre 2025<\/strong><\/p>\n\n\n\n<p class=\"has-text-align-center\">Site de la conf\u00e9rence 2025 : <a href=\"https:\/\/ipsi.rnu.tn\" target=\"_blank\" rel=\"noreferrer noopener\">https:\/\/ipsi.rnu.tn<\/a><\/p>\n\n\n\n<div class=\"wp-container-1 wp-block-buttons\">\n<div class=\"wp-block-button\"><a class=\"wp-block-button__link\" href=\"http:\/\/conference-eutic.org\/wp-content\/uploads\/2025\/07\/APPEL-20e-Confe\u0301rence-internationale-EUTIC-copie.pdf\">Appel FR<\/a><\/div>\n\n\n\n<div class=\"wp-block-button\"><a class=\"wp-block-button__link\" href=\"http:\/\/conference-eutic.org\/wp-content\/uploads\/2025\/07\/GB-CALL-20e-Confe\u0301rence-internationale-EUTIC-english-copie.pdf\">Appel GB<\/a><\/div>\n\n\n\n<div class=\"wp-block-button\"><a class=\"wp-block-button__link\" href=\"\" target=\"_blank\" rel=\"noreferrer noopener\">Appel AR<\/a><\/div>\n<\/div>\n\n\n\n<p><\/p>\n\n\n\n<p class=\"has-text-align-center\"><a href=\"https:\/\/conference-eutic.org\/association-eutic\/\"><strong>Adh\u00e9sion \u00e0 l&#8217;association EUTIC<\/strong><\/a><\/p>\n\n\n\n<figure class=\"wp-block-image size-large\"><img loading=\"lazy\" width=\"1024\" height=\"571\" src=\"https:\/\/conference-eutic.org\/wp-content\/uploads\/2025\/04\/sponsorEutic2025-1024x571.png\" alt=\"\" class=\"wp-image-1281\" srcset=\"http:\/\/conference-eutic.org\/wp-content\/uploads\/2025\/04\/sponsorEutic2025-1024x571.png 1024w, http:\/\/conference-eutic.org\/wp-content\/uploads\/2025\/04\/sponsorEutic2025-300x167.png 300w, http:\/\/conference-eutic.org\/wp-content\/uploads\/2025\/04\/sponsorEutic2025-768x428.png 768w, http:\/\/conference-eutic.org\/wp-content\/uploads\/2025\/04\/sponsorEutic2025-1536x857.png 1536w, http:\/\/conference-eutic.org\/wp-content\/uploads\/2025\/04\/sponsorEutic2025.png 1802w\" sizes=\"(max-width: 1024px) 100vw, 1024px\" \/><\/figure>\n","protected":false},"excerpt":{"rendered":"<p>Janvier 2026 : Publication des Actes de la conf\u00e9rence 2024 (\u00e0 t\u00e9l\u00e9charger) Programme de la conf\u00e9rence (\u00e0 t\u00e9l\u00e9charger) Bulletin d&#8217;inscription (\u00e0 t\u00e9l\u00e9charger) 20e CONF\u00c9RENCE INTERNATIONALE EUTIC 2025 (R\u00e9seau de recherche international et pluridisciplinaire sur les enjeux et usages des TIC) &hellip; <a href=\"http:\/\/conference-eutic.org\/en\/eutic-2025\/\">Continue reading <span class=\"meta-nav\">&rarr;<\/span><\/a><\/p>\n","protected":false},"author":1,"featured_media":0,"parent":0,"menu_order":0,"comment_status":"closed","ping_status":"closed","template":"","meta":[],"translation":{"provider":"WPGlobus","version":"2.8.11","language":"en","enabled_languages":["fr","en"],"languages":{"fr":{"title":true,"content":true,"excerpt":false},"en":{"title":true,"content":false,"excerpt":false}}},"_links":{"self":[{"href":"http:\/\/conference-eutic.org\/en\/wp-json\/wp\/v2\/pages\/1260"}],"collection":[{"href":"http:\/\/conference-eutic.org\/en\/wp-json\/wp\/v2\/pages"}],"about":[{"href":"http:\/\/conference-eutic.org\/en\/wp-json\/wp\/v2\/types\/page"}],"author":[{"embeddable":true,"href":"http:\/\/conference-eutic.org\/en\/wp-json\/wp\/v2\/users\/1"}],"replies":[{"embeddable":true,"href":"http:\/\/conference-eutic.org\/en\/wp-json\/wp\/v2\/comments?post=1260"}],"version-history":[{"count":20,"href":"http:\/\/conference-eutic.org\/en\/wp-json\/wp\/v2\/pages\/1260\/revisions"}],"predecessor-version":[{"id":1336,"href":"http:\/\/conference-eutic.org\/en\/wp-json\/wp\/v2\/pages\/1260\/revisions\/1336"}],"wp:attachment":[{"href":"http:\/\/conference-eutic.org\/en\/wp-json\/wp\/v2\/media?parent=1260"}],"curies":[{"name":"wp","href":"https:\/\/api.w.org\/{rel}","templated":true}]}}