{"id":282,"date":"2018-09-18T09:37:38","date_gmt":"2018-09-18T07:37:38","guid":{"rendered":"http:\/\/conference-eutic.org\/?page_id=282"},"modified":"2020-02-12T14:30:01","modified_gmt":"2020-02-12T13:30:01","slug":"programme","status":"publish","type":"page","link":"http:\/\/conference-eutic.org\/en\/programme\/","title":{"rendered":"Programme 2018"},"content":{"rendered":"<p><a href=\"http:\/\/conference-eutic.org\/wp-content\/uploads\/2018\/10\/FINAL-Diffusion-PROGRAMME-EUTIC2018.pdf\" target=\"_blank\" rel=\"noopener\">Programme Final Conf\u00e9rence EUTIC2018 (pdf)<\/a><\/p>\n<p><strong>mercredi 17 octobre<\/strong><br \/>\nOuverture \u00e0 la <em>Maison de l&#8217;arch\u00e9ologie<\/em><br \/>\nAteliers \u00e0 la <em>Maison des Sciences de l&#8217;Homme d&#8217;Aquitaine (MSHA)<\/em><\/p>\n<p><strong>jeudi 17 et vendredi 18 octobre<\/strong><br \/>\n<em>Centre Condorcet<\/em><\/p>\n<p><img loading=\"lazy\" class=\"aligncenter size-full wp-image-297\" src=\"http:\/\/conference-eutic.org\/wp-content\/uploads\/2018\/09\/plan-eutic.png\" alt=\"\" width=\"720\" height=\"540\" srcset=\"http:\/\/conference-eutic.org\/wp-content\/uploads\/2018\/09\/plan-eutic.png 720w, http:\/\/conference-eutic.org\/wp-content\/uploads\/2018\/09\/plan-eutic-300x225.png 300w\" sizes=\"(max-width: 720px) 100vw, 720px\" \/><\/p>\n<p>Documents \u00e0 t\u00e9l\u00e9charger si n\u00e9cessaire :<\/p>\n<p><a href=\"http:\/\/conference-eutic.org\/wp-content\/uploads\/2018\/09\/plan-eutic.pdf\" target=\"_blank\" rel=\"noopener\">Plan de situation<\/a>\u00a0(pdf)<\/p>\n<p><a href=\"http:\/\/conference-eutic.org\/wp-content\/uploads\/2018\/09\/Plan-UBM.pdf\" target=\"_blank\" rel=\"noopener\">Plan Universit\u00e9 Bordeaux Montaigne<\/a>\u00a0(pdf)<\/p>\n<p><a href=\"http:\/\/conference-eutic.org\/wp-content\/uploads\/2018\/10\/FINAL-Diffusion-PROGRAMME-EUTIC2018.pdf\" target=\"_blank\" rel=\"noopener\">Programme Final Conf\u00e9rence EUTIC2018 (pdf)<\/a><\/p>\n","protected":false},"excerpt":{"rendered":"<p>Programme Final Conf\u00e9rence EUTIC2018 (pdf) mercredi 17 octobre Ouverture \u00e0 la Maison de l&#8217;arch\u00e9ologie Ateliers \u00e0 la Maison des Sciences de l&#8217;Homme d&#8217;Aquitaine (MSHA) jeudi 17 et vendredi 18 octobre Centre Condorcet Documents \u00e0 t\u00e9l\u00e9charger si n\u00e9cessaire : Plan de &hellip; <a href=\"http:\/\/conference-eutic.org\/en\/programme\/\">Continue reading <span class=\"meta-nav\">&rarr;<\/span><\/a><\/p>\n","protected":false},"author":1,"featured_media":0,"parent":0,"menu_order":0,"comment_status":"closed","ping_status":"closed","template":"","meta":[],"translation":{"provider":"WPGlobus","version":"2.8.11","language":"en","enabled_languages":["fr","en"],"languages":{"fr":{"title":true,"content":true,"excerpt":false},"en":{"title":false,"content":false,"excerpt":false}}},"_links":{"self":[{"href":"http:\/\/conference-eutic.org\/en\/wp-json\/wp\/v2\/pages\/282"}],"collection":[{"href":"http:\/\/conference-eutic.org\/en\/wp-json\/wp\/v2\/pages"}],"about":[{"href":"http:\/\/conference-eutic.org\/en\/wp-json\/wp\/v2\/types\/page"}],"author":[{"embeddable":true,"href":"http:\/\/conference-eutic.org\/en\/wp-json\/wp\/v2\/users\/1"}],"replies":[{"embeddable":true,"href":"http:\/\/conference-eutic.org\/en\/wp-json\/wp\/v2\/comments?post=282"}],"version-history":[{"count":11,"href":"http:\/\/conference-eutic.org\/en\/wp-json\/wp\/v2\/pages\/282\/revisions"}],"predecessor-version":[{"id":504,"href":"http:\/\/conference-eutic.org\/en\/wp-json\/wp\/v2\/pages\/282\/revisions\/504"}],"wp:attachment":[{"href":"http:\/\/conference-eutic.org\/en\/wp-json\/wp\/v2\/media?parent=282"}],"curies":[{"name":"wp","href":"https:\/\/api.w.org\/{rel}","templated":true}]}}